{"id":112,"date":"2017-11-11T21:31:53","date_gmt":"2017-11-11T20:31:53","guid":{"rendered":"http:\/\/www.confrerie-saint-symphorien.be\/wordpress\/wordpress\/?page_id=112"},"modified":"2023-06-30T18:04:08","modified_gmt":"2023-06-30T16:04:08","slug":"le-patrimoine-religieux-de-saint-symphorien","status":"publish","type":"page","link":"https:\/\/www.confrerie-saint-symphorien.be\/?page_id=112","title":{"rendered":"Le patrimoine religieux de Saint-Symphorien"},"content":{"rendered":"<p>Saint-Symphorien poss\u00e8de un patrimoine religieux rural assez remarquable.<\/p>\n<p>Tout a commenc\u00e9 par l\u2019arriv\u00e9e de notre ch\u00e2sse dans la 2\u00e8me moiti\u00e9 du XIIe si\u00e8cle.<br \/>\n1\u00e8re moiti\u00e9 du XIVe, la peste, s\u00e9vit dans notre r\u00e9gion. La m\u00e9decine s\u2019av\u00e8re impuissante,<br \/>\nSeul le ciel peut nous venir en aide et la ch\u00e2sse de notre Saint Patron est processionn\u00e9e aux confins et autour du village pour endiguer le mal. Ce fut notre 1\u00e8re procession.<\/p>\n<p>Chaque ann\u00e9e depuis plus de 800 ans elle se r\u00e9p\u00e8te le Jeudi de la Pentec\u00f4te avec, pour cause de guerres, quelques interruptions.<\/p>\n<p>Au d\u00e9but le tour s\u2019effectuait par des chemins cahoteux, sentiers et \u00e0 travers champs dans les limites g\u00e9ographiques de la commune.<br \/>\nNotre petite cit\u00e9 resta jusque la 3\u00e8me d\u00e9cennie du XXe si\u00e8cle assez centr\u00e9e sur elle-m\u00eame.<\/p>\n<p>C\u2019est \u00e0 partir de la 2\u00e8me moiti\u00e9 du XXe si\u00e8cle qu\u2019elle prit de l\u2019extension. Nouvelles constructions, nouveaux lotissements, les chemins nettement am\u00e9lior\u00e9s se transform\u00e8rent et font rapidement place \u00e0 une voirie plus carrossable.<\/p>\n<p>Une heureuse initiative germa, pour certains propri\u00e9taires de par leurs convictions religieuses, d\u2019\u00e9riger au bord de la route chapelles\/potales et m\u00eame un calvaire. Cet ensemble, par miracle, eut cette chance inesp\u00e9r\u00e9e de se r\u00e9partir tout le long du chemin processionnaire.<br \/>\nNotre tour (14km) trouva en ces lieux l\u2019occasion d\u2019effectuer une halte de quelques minutes pour un profond recueillement et dans le c\u0153ur de chacun et chacune une pri\u00e8re, une demande ou un remerciement.<\/p>\n<p>Le temps fit son \u0153uvre et apr\u00e8s de nombreuses ann\u00e9es certaines de ces petites chapelles commenc\u00e8rent \u00e0 pr\u00e9senter quelques d\u00e9gradations parfois s\u00e9rieuses.<\/p>\n<p>Pour l\u2019ensemble, nous relevons :<\/p>\n<ul>\n<li>7 : consacr\u00e9es \u00e0 la Vierge, la plus ancienne (1787), situ\u00e9e route de Beaumont, 200, encastr\u00e9e dans le mur,<\/li>\n<li>1 : repr\u00e9sente le Calvaire (coin rue des R\u00e9sistants &amp; chemin d\u2019Havr\u00e9)<\/li>\n<li>1 : St.Roch (milieu ruelle St.Roch pr\u00e8s de la Place),<\/li>\n<\/ul>\n<p>Hors relev\u00e9, l\u2019exceptionnel cimeti\u00e8re militaire (g\u00e9r\u00e9 par le Commonwealth).<\/p>\n<p>La confr\u00e9rie Saint-Symphorien, responsable traditionnelle du tour, soucieuse de conserver ce patrimoine prit l\u2019heureuse d\u00e9cision, lors d\u2019un conseil d\u2019administration, de demander \u00e0 2 membres de la confr\u00e9rie et experts en construction d\u2019\u00e9tablir un \u00e9tat des lieux par une expertise dans le but d\u2019envisager quelques r\u00e9parations pour conserver ce remarquable h\u00e9ritage religieux rural.<\/p>\n<p>C\u2019est ainsi que de ao\u00fbt 2008 \u00e0 f\u00e9vrier 2009 un relev\u00e9 d\u00e9taill\u00e9 fut effectu\u00e9 avec photos \u00e0 l\u2019appui de l\u2019ensemble de nos chapelles. Un livret servant de cahier des charges fut remis lors d\u2019une r\u00e9union pl\u00e9ni\u00e8re en septembre de la m\u00eame ann\u00e9e.<br \/>\nLe dossier couvre une litt\u00e9rature de 15 pages reprenant un descriptif circonstanci\u00e9, des remarques et travaux \u00e0 ex\u00e9cuter pour chaque chapelle\/potale. L\u2019ensemble est illustr\u00e9 par 44 photos soit un total de 59 pages, hors celles de garde.<\/p>\n<p>Des r\u00e9parations sont en cours et dans un prochain article nous vous parlerons de l\u2019une ou autre r\u00e9novation.<\/p>\n<p>Nous devons \u00e9galement f\u00e9liciter la Ville de Mons pour l\u2019entretien de leur environnement \u00e0 l\u2019occasion de notre manifestation religieuse de la Pentec\u00f4te, ainsi que les propri\u00e9taires actuels pour leur accueil et leur compr\u00e9hension lors de nos diff\u00e9rentes investigations.<\/p>\n<p>En annexe, vous trouverez le circuit de notre procession multis\u00e9culaire et l\u2019emplacement de nos chapelles.<br \/>\nUn but de promenade\u2026venez d\u00e9couvrir le patrimoine de notre village, vous ne serez pas d\u00e9\u00e7u de votre balade.<\/p>\n<p><a href=\"http:\/\/www.confrerie-saint-symphorien.be\/wp-content\/uploads\/2017\/11\/PLAN-DE-SITUATION-DES-CHAPELLES.pdf\">PLAN DE SITUATION DES CHAPELLES<\/a><\/p>\n","protected":false},"excerpt":{"rendered":"<p>Saint-Symphorien poss\u00e8de un patrimoine religieux rural assez remarquable. Tout a commenc\u00e9 par l\u2019arriv\u00e9e de notre ch\u00e2sse dans la 2\u00e8me moiti\u00e9 du XIIe si\u00e8cle. 1\u00e8re moiti\u00e9 du XIVe, la peste, s\u00e9vit dans notre r\u00e9gion. La m\u00e9decine s\u2019av\u00e8re impuissante, Seul le ciel peut nous venir en aide et la ch\u00e2sse de notre Saint Patron est processionn\u00e9e aux &hellip; <\/p>\n<p class=\"link-more\"><a href=\"https:\/\/www.confrerie-saint-symphorien.be\/?page_id=112\" class=\"more-link\">Continuer la lecture<span class=\"screen-reader-text\"> de &laquo;&nbsp;Le patrimoine religieux de Saint-Symphorien&nbsp;&raquo;<\/span><\/a><\/p>\n","protected":false},"author":1,"featured_media":0,"parent":296,"menu_order":0,"comment_status":"closed","ping_status":"closed","template":"","meta":{"_exactmetrics_skip_tracking":false,"_exactmetrics_sitenote_active":false,"_exactmetrics_sitenote_note":"","_exactmetrics_sitenote_category":0,"ngg_post_thumbnail":0,"footnotes":""},"class_list":["post-112","page","type-page","status-publish","hentry"],"_links":{"self":[{"href":"https:\/\/www.confrerie-saint-symphorien.be\/index.php?rest_route=\/wp\/v2\/pages\/112","targetHints":{"allow":["GET"]}}],"collection":[{"href":"https:\/\/www.confrerie-saint-symphorien.be\/index.php?rest_route=\/wp\/v2\/pages"}],"about":[{"href":"https:\/\/www.confrerie-saint-symphorien.be\/index.php?rest_route=\/wp\/v2\/types\/page"}],"author":[{"embeddable":true,"href":"https:\/\/www.confrerie-saint-symphorien.be\/index.php?rest_route=\/wp\/v2\/users\/1"}],"replies":[{"embeddable":true,"href":"https:\/\/www.confrerie-saint-symphorien.be\/index.php?rest_route=%2Fwp%2Fv2%2Fcomments&post=112"}],"version-history":[{"count":5,"href":"https:\/\/www.confrerie-saint-symphorien.be\/index.php?rest_route=\/wp\/v2\/pages\/112\/revisions"}],"predecessor-version":[{"id":4319,"href":"https:\/\/www.confrerie-saint-symphorien.be\/index.php?rest_route=\/wp\/v2\/pages\/112\/revisions\/4319"}],"up":[{"embeddable":true,"href":"https:\/\/www.confrerie-saint-symphorien.be\/index.php?rest_route=\/wp\/v2\/pages\/296"}],"wp:attachment":[{"href":"https:\/\/www.confrerie-saint-symphorien.be\/index.php?rest_route=%2Fwp%2Fv2%2Fmedia&parent=112"}],"curies":[{"name":"wp","href":"https:\/\/api.w.org\/{rel}","templated":true}]}}